{"id":285,"date":"2020-10-20T15:14:34","date_gmt":"2020-10-20T13:14:34","guid":{"rendered":"http:\/\/milhactransition.fr\/enquete-publique\/"},"modified":"2020-11-07T16:54:13","modified_gmt":"2020-11-07T15:54:13","slug":"public-inquiry","status":"publish","type":"page","link":"http:\/\/milhactransition.fr\/en\/public-inquiry\/","title":{"rendered":"Public Inquiry: Petit Bos Windfarm Project"},"content":{"rendered":"\n<p><strong><em>We have made a translation of this page available to our non-francophone friends because we know that you share our love of this area, and we want to make sure you are aware of what is happening &#8211; and what you can do about it. <\/em><\/strong><br><br><strong><em>At Milhac Transition, nous parlons fran\u00e7ais, we speak english and we spreken nederlands, so please contact us if you have any questions about the inquiry, or about our collective. <\/em><\/strong><\/p>\n\n\n\n<div class=\"wp-block-columns are-vertically-aligned-center is-layout-flex wp-container-core-columns-is-layout-9d6595d7 wp-block-columns-is-layout-flex\">\n<div class=\"wp-block-column is-vertically-aligned-center is-layout-flow wp-block-column-is-layout-flow\" style=\"flex-basis:66.66%\">\n<p><strong><em>It\u2019s official: the public inquiry on the proposed wind farm project for Milhac-de-Nontron opens on the 27th October. <\/em><\/strong><\/p>\n\n\n\n<p>Make no mistake: this project is still very much going ahead and is fast progressing.<\/p>\n\n\n\n<p><strong><em>Now is the time to act!<\/em><\/strong><\/p>\n<\/div>\n\n\n\n<div class=\"wp-block-column is-vertically-aligned-center is-layout-flow wp-block-column-is-layout-flow\" style=\"flex-basis:33.33%\">\n<figure class=\"wp-block-image size-large thumb\"><img loading=\"lazy\" decoding=\"async\" width=\"888\" height=\"1024\" src=\"http:\/\/milhactransition.fr\/wp-content\/uploads\/2020\/10\/enquete-affiche-e1603291248340-888x1024.jpg\" alt=\"\" class=\"wp-image-163\" srcset=\"http:\/\/milhactransition.fr\/wp-content\/uploads\/2020\/10\/enquete-affiche-e1603291248340-888x1024.jpg 888w, http:\/\/milhactransition.fr\/wp-content\/uploads\/2020\/10\/enquete-affiche-e1603291248340-260x300.jpg 260w, http:\/\/milhactransition.fr\/wp-content\/uploads\/2020\/10\/enquete-affiche-e1603291248340-768x886.jpg 768w, http:\/\/milhactransition.fr\/wp-content\/uploads\/2020\/10\/enquete-affiche-e1603291248340.jpg 1000w\" sizes=\"auto, (max-width: 767px) 89vw, (max-width: 1000px) 54vw, (max-width: 1071px) 543px, 580px\" \/><\/figure>\n<\/div>\n<\/div>\n\n\n\n<hr class=\"wp-block-separator\"\/>\n\n\n\n<h2 class=\"wp-block-heading\">Background Information<\/h2>\n\n\n\n<div class=\"frame-wrap\"><a href=\"https:\/\/www.google.com\/maps\/@45.504139,0.812583,11478m\/data=!3m1!1e3?hl=fr\" target=\"_blank\" rel=\"noopener noreferrer\"><img decoding=\"async\" src=\"http:\/\/milhactransition.fr\/wp-content\/uploads\/2020\/10\/area.jpg\"><\/a><a href=\"https:\/\/www.google.com\/maps\/@45.504139,0.812583,11478m\/data=!3m1!1e3?hl=fr\" target=\"_blank\" rel=\"noopener noreferrer\">Show on Google Maps<\/a><\/div>\n\n\n<p>The Petit Bos wind farm project was launched by a company called SARL CHAMPS GAZANIA. They are proposing to erect several industrial-sized wind turbines in the commune of Milhac-de-Nontron. The proposed site (le Petit Bos) is based within the <strong>Parc Naturel R\u00e9gional P\u00e9rigord-Limousin<\/strong> and covers an area of <strong>120 hectares<\/strong>, of which <strong>69% is wooded<\/strong>.<\/p>\n<p>The plan is to erect <strong>four 200 m (650 ft) tall wind turbines<\/strong>. The wind farm is due to run for around <strong>20 to 25 years<\/strong>, which is the average lifespan of a wind turbine. Once authorisation for this project is obtained, nothing stops the promoters from erecting additional turbines on the site.<\/p>\n<p>The proposed site for this project covers a <strong>major migratory flightpath<\/strong>. There is an ornithological reserve at the nearby lake of Miallet, used by numerous species of migratory birds as a resting point. It is also used by various non-migratory species as a breeding and nesting ground.<\/p>\n<p>The promoters of a similar project that targeted the Queue d&#8217;\u00c2ne (Saint-Saud) submitted a request for a <strong>&#8220;Demande de D\u00e9rogation pour la Destruction, l\u2019Alt\u00e9ration, ou la D\u00e9gradation de Sites de Reproduction ou d\u2019Aires de Repos d\u2019Animaux d\u2019Esp\u00e8ces Prot\u00e9g\u00e9es&#8221;<\/strong> (a waiver application for permission to cause the destruction, alteration, or degradation of protected species, animal breeding sites or resting areas). The promoters have made no such application for this project despite the fact that it too threatens the wellbeing of over 70 protected species.<\/p>\n<p>Each individual turbine requires 15 000 m\u00b2 of room; indeed an area of 10 000 m\u00b2 is needed just to assemble the fans. A minimum 2000 m\u00b2 of access roads are required per wind turbine. That is a total of 8.5 hectares, including 6 hectares of forest destroyed. One hectare of forest absorbs on average 300 tonnes of CO\u00b2.<\/p>\n<p>Around 1 500 HGVs will be required to carry out the work, all of which run on fossil fuels and further pollute the atmosphere.<\/p>\n\n\n<h2 class=\"wp-block-heading\">Milhac Transition&#8217;s Opinion<\/h2>\n\n\n<p>As we lay out in our joint <a href=\"http:\/\/milhactransition.fr\/declaration-intention\/\">Declaration of Intent<\/a>, the members of Milhac Transition support the idea of a harmonious and balanced ecological transition that takes into account the preservation of biodiversity, that understands the practicalities of local energy resources and that respects local residents.<\/p>\n<p>This project is the antithesis of our values and we oppose it fully. We have compiled a list of our <a href=\"http:\/\/milhactransition.fr\/en\/petit-bos-argumentaire\/\">arguments<\/a>. which you can also <a href=\"http:\/\/milhactransition.fr\/wp-content\/uploads\/2020\/10\/argumentaire.pdf\" target=\"_blank\" rel=\"noopener noreferrer\">download as a PDF<\/a>.&nbsp; We are counting on you to give your opinion and to help defend our countryside. You are welcome to incorporate our arguments into your own to help you prepare your responses to the enquiry.<\/p>\n<p>You can if preferred download our <a href=\"http:\/\/milhactransition.fr\/wp-content\/uploads\/2020\/10\/avis-opposition.pdf\" target=\"_blank\" rel=\"noopener noreferrer\">example opposition document<\/a>. This gives a variety of arguments and you can tick any which you choose to make.&nbsp;<\/p>\n<p><strong>Please note<\/strong>: although you are strongly encouraged to participate in this inquiry, any and all responses must be <strong>delivered in French<\/strong>, or they will not be considered. This is why our example document is in French.<\/p>\n<p><a class=\"more-link\" href=\"http:\/\/milhactransition.fr\/wp-content\/uploads\/2020\/10\/avis-opposition.pdf\" target=\"_blank\" rel=\"noopener noreferrer\">example opposition document<\/a><\/p>\n\n\n<h2 class=\"wp-block-heading\">The Steps We Are Taking<\/h2>\n\n\n\n<p>In order to combat this project, the members of Milhac Transition have planned a number of measures, several of which are already underway. In the days and weeks to come, we are going to:  <\/p>\n\n\n\n<ul class=\"wp-block-list\"><li>Produce and print an <a href=\"http:\/\/milhactransition.fr\/wp-content\/uploads\/2020\/11\/tract-recto-verso-milhactransition-web.pdf\" target=\"_blank\" rel=\"noreferrer noopener\">information leaflet<\/a> about this project and deliver it to all households in the affected areas<\/li><li>Issue a press release<\/li><li>Contact all our members by email to seek their assistance<\/li><li>Design and print a poster to be displayed in the main squares of all affected towns<\/li><li>Write to our elected representatives seeking their support. In particular, we are targeting the mayors of Milhac, St Pardoux and Saint Front, the Pr\u00e9sident of the President du Conseil de la Dordogne\u2026<\/li><li>Collaborate with other associations and collectives in the area to better coordinate our actions<\/li><li>Respond to the pubic enquiry, both as individuals and as a collective<\/li><li>Encourage and assist other individuals to respond to the enquiry<\/li><\/ul>\n\n\n\n<h2 class=\"wp-block-heading\">Now is the time to act: Over to You&nbsp;!<\/h2>\n\n\n\n<p>The inquiry is made up of president Mr Christian JOUSSAIN, Honorary Police Commander, and of Mr Alain LESPINASSE, retired from the Ministry of Defence and Mr Alain LAUMON, retired Divisional Engineer for Agriculture and Environment. Starting from 27th October, you can give them your opinion on this project. This you can do:<\/p>\n\n\n\n<ul class=\"wp-block-list\"><li>In writing to the president, addressed to the mairie of Milhac-de Nontron.<\/li><li>Via on the <a rel=\"noreferrer noopener\" href=\"https:\/\/www.registre-dematerialise.fr\/2139\" target=\"_blank\">online register<\/a><a rel=\"noreferrer noopener\" href=\"https:\/\/www.registre-dematerialise.fr\/2139\" target=\"_blank\"><\/a><\/li><li>By email: <a href=\"mailto:enquete-publique-2139@registre-dematerialise.fr\">enquete-publique-2139@registre-dematerialise.fr<\/a> <\/li><li>By meeting the head of the inquiry in person.  Here&#8217;s his schedule:<\/li><\/ul>\n\n\n\n<figure class=\"wp-block-table dates-table\"><table><tbody><tr><td>Place<\/td><td>Date<\/td><td>Time<\/td><\/tr><tr><td>Milhac-de-Nontron<\/td><td>Tues 27 October<\/td><td>8:30 am to 11:30 am<\/td><\/tr><tr><td>Saint-Saud-Lacoussi\u00e8re<\/td><td>Wed 27 October<\/td><td>2:30 pm to 5:30 pm<\/td><\/tr><tr><td>Milhac-de-Nontron<\/td><td>Sat 31 October<\/td><td>9:00 am to 12:00 pm<\/td><\/tr><tr><td>Saint-Saud-Lacoussi\u00e8re<\/td><td>Tues 3 November<\/td><td>9:00 am to 12:00 pm<\/td><\/tr><tr><td>Milhac-de-Nontron<\/td><td>Fri 6 November<\/td><td>9:00 am to 12:00 pm<\/td><\/tr><tr><td>Milhac-de-Nontron<\/td><td>Sat 12 November<\/td><td>9:00 am to 12:00 pm<\/td><\/tr><tr><td>Saint-Saud-Lacoussi\u00e8re<\/td><td>Wed 18 November<\/td><td>2:30 pm to 5:30 pm<\/td><\/tr><tr><td>Milhac-de-Nontron<\/td><td>Fri 20 November<\/td><td>9:00am to 12:00 pm<\/td><\/tr><tr><td>Saint-Saud-Lacoussi\u00e8re<\/td><td>Sat 21 November<\/td><td>9:00 am to 11:30 am<\/td><\/tr><tr><td>Milhac-de-Nontron<\/td><td>Mon 23 November<\/td><td>9:00 am to 12:00 pm<\/td><\/tr><tr><td>Milhac-de-Nontron<\/td><td>Mon 30 November<\/td><td>9:00 am to 12:00 pm<\/td><\/tr><\/tbody><\/table><\/figure>\n\n\n\n<p>A dossier containing an impact study, as well as the opinion of the Mission R\u00e9gionale de l\u2019Autorit\u00e9 Environnementale will be available in the mairies. They are also available online on the <a rel=\"noreferrer noopener\" href=\"http:\/\/www.dordogne.gouv.fr\/Politiques-publiques\/Environnement-Eau-Biodiversite-Risques\/Enquetes-publiques\/Parc-eolien-du-petit-bos-MILHAC-DE-NONTRON-SARL-Champs-GAZANIA-SOLVEO-ENERGIE\/parc-eolien-du-Petit-Bos-Milhac-de-Nontron-SARL-CHAMPS-GAZANIA-SOLVEO-ENERGIE\" target=\"_blank\">services de l\u2019\u00c9tat en Dordogne<\/a> website.  <\/p>\n\n\n\n<h2 class=\"wp-block-heading\">Who Does This Project Affect?<\/h2>\n\n\n\n<p>The communes directly affected by this project are those based within a 6 km radius of the proposed site.  These are:   <\/p>\n\n\n<ul style=\"columns: 2;\">\n<li>Champs-Romain<\/li>\n<li>Milhac-de-Nontron<\/li>\n<li>Saint-Front-la-Rivi\u00e8re<\/li>\n<li>Saint-Jory-de Chalais<\/li>\n<li>Saint-Martin-de-Fressengeas<\/li>\n<li>Saint-Pardoux-la-Rivi\u00e8re<\/li>\n<li>Saint-Saud-Lacoussi\u00e8re<\/li>\n<\/ul>","protected":false},"excerpt":{"rendered":"<p>We have made a translation of this page available to our non-francophone friends because we know that you share our love of this area, and we want to make sure you are aware of what is happening &#8211; and what you can do about it. At Milhac Transition, nous parlons fran\u00e7ais, we speak english and &hellip; <\/p>\n<p class=\"link-more\"><a href=\"http:\/\/milhactransition.fr\/en\/public-inquiry\/\" class=\"more-link\">Continue reading<span class=\"screen-reader-text\"> &#8220;Public Inquiry: Petit Bos Windfarm Project&#8221;<\/span><\/a><\/p>\n","protected":false},"author":1,"featured_media":0,"parent":0,"menu_order":0,"comment_status":"closed","ping_status":"closed","template":"","meta":{"_uag_custom_page_level_css":"","footnotes":""},"class_list":["post-285","page","type-page","status-publish","hentry"],"yoast_head":"<!-- This site is optimized with the Yoast SEO plugin v27.5 - https:\/\/yoast.com\/product\/yoast-seo-wordpress\/ -->\n<title>Public Inquiry: Petit Bos Windfarm Project - Milhac Transition<\/title>\n<meta name=\"robots\" content=\"index, follow, max-snippet:-1, max-image-preview:large, max-video-preview:-1\" \/>\n<link rel=\"canonical\" href=\"http:\/\/milhactransition.fr\/en\/public-inquiry\/\" \/>\n<meta property=\"og:locale\" content=\"en_US\" \/>\n<meta property=\"og:type\" content=\"article\" \/>\n<meta property=\"og:title\" content=\"Public Inquiry: Petit Bos Windfarm Project - Milhac Transition\" \/>\n<meta property=\"og:description\" content=\"We have made a translation of this page available to our non-francophone friends because we know that you share our love of this area, and we want to make sure you are aware of what is happening &#8211; and what you can do about it. At Milhac Transition, nous parlons fran\u00e7ais, we speak english and &hellip; Continue reading &quot;Public Inquiry: Petit Bos Windfarm Project&quot;\" \/>\n<meta property=\"og:url\" content=\"http:\/\/milhactransition.fr\/en\/public-inquiry\/\" \/>\n<meta property=\"og:site_name\" content=\"Milhac Transition\" \/>\n<meta property=\"article:modified_time\" content=\"2020-11-07T15:54:13+00:00\" \/>\n<meta property=\"og:image\" content=\"http:\/\/milhactransition.fr\/wp-content\/uploads\/2020\/10\/enquete-affiche-e1603291248340-888x1024.jpg\" \/>\n<meta name=\"twitter:card\" content=\"summary_large_image\" \/>\n<meta name=\"twitter:label1\" content=\"Est. reading time\" \/>\n\t<meta name=\"twitter:data1\" content=\"5 minutes\" \/>\n<script type=\"application\/ld+json\" class=\"yoast-schema-graph\">{\"@context\":\"https:\\\/\\\/schema.org\",\"@graph\":[{\"@type\":\"WebPage\",\"@id\":\"http:\\\/\\\/milhactransition.fr\\\/en\\\/public-inquiry\\\/\",\"url\":\"http:\\\/\\\/milhactransition.fr\\\/en\\\/public-inquiry\\\/\",\"name\":\"Public Inquiry: Petit Bos Windfarm Project - Milhac Transition\",\"isPartOf\":{\"@id\":\"http:\\\/\\\/milhactransition.fr\\\/#website\"},\"primaryImageOfPage\":{\"@id\":\"http:\\\/\\\/milhactransition.fr\\\/en\\\/public-inquiry\\\/#primaryimage\"},\"image\":{\"@id\":\"http:\\\/\\\/milhactransition.fr\\\/en\\\/public-inquiry\\\/#primaryimage\"},\"thumbnailUrl\":\"http:\\\/\\\/milhactransition.fr\\\/wp-content\\\/uploads\\\/2020\\\/10\\\/enquete-affiche-e1603291248340-888x1024.jpg\",\"datePublished\":\"2020-10-20T13:14:34+00:00\",\"dateModified\":\"2020-11-07T15:54:13+00:00\",\"breadcrumb\":{\"@id\":\"http:\\\/\\\/milhactransition.fr\\\/en\\\/public-inquiry\\\/#breadcrumb\"},\"inLanguage\":\"en-US\",\"potentialAction\":[{\"@type\":\"ReadAction\",\"target\":[\"http:\\\/\\\/milhactransition.fr\\\/en\\\/public-inquiry\\\/\"]}]},{\"@type\":\"ImageObject\",\"inLanguage\":\"en-US\",\"@id\":\"http:\\\/\\\/milhactransition.fr\\\/en\\\/public-inquiry\\\/#primaryimage\",\"url\":\"http:\\\/\\\/milhactransition.fr\\\/wp-content\\\/uploads\\\/2020\\\/10\\\/enquete-affiche-e1603291248340-888x1024.jpg\",\"contentUrl\":\"http:\\\/\\\/milhactransition.fr\\\/wp-content\\\/uploads\\\/2020\\\/10\\\/enquete-affiche-e1603291248340-888x1024.jpg\"},{\"@type\":\"BreadcrumbList\",\"@id\":\"http:\\\/\\\/milhactransition.fr\\\/en\\\/public-inquiry\\\/#breadcrumb\",\"itemListElement\":[{\"@type\":\"ListItem\",\"position\":1,\"name\":\"Accueil\",\"item\":\"http:\\\/\\\/milhactransition.fr\\\/\"},{\"@type\":\"ListItem\",\"position\":2,\"name\":\"Public Inquiry: Petit Bos Windfarm Project\"}]},{\"@type\":\"WebSite\",\"@id\":\"http:\\\/\\\/milhactransition.fr\\\/#website\",\"url\":\"http:\\\/\\\/milhactransition.fr\\\/\",\"name\":\"Milhac Transition\",\"description\":\"Pour une transition \u00e9cologique qui respecte la biodiversit\u00e9 et les habitants\",\"publisher\":{\"@id\":\"http:\\\/\\\/milhactransition.fr\\\/#organization\"},\"potentialAction\":[{\"@type\":\"SearchAction\",\"target\":{\"@type\":\"EntryPoint\",\"urlTemplate\":\"http:\\\/\\\/milhactransition.fr\\\/?s={search_term_string}\"},\"query-input\":{\"@type\":\"PropertyValueSpecification\",\"valueRequired\":true,\"valueName\":\"search_term_string\"}}],\"inLanguage\":\"en-US\"},{\"@type\":\"Organization\",\"@id\":\"http:\\\/\\\/milhactransition.fr\\\/#organization\",\"name\":\"Milhac Transition\",\"url\":\"http:\\\/\\\/milhactransition.fr\\\/\",\"logo\":{\"@type\":\"ImageObject\",\"inLanguage\":\"en-US\",\"@id\":\"http:\\\/\\\/milhactransition.fr\\\/#\\\/schema\\\/logo\\\/image\\\/\",\"url\":\"http:\\\/\\\/milhactransition.fr\\\/wp-content\\\/uploads\\\/2020\\\/02\\\/cropped-milhac-transition-logo.png\",\"contentUrl\":\"http:\\\/\\\/milhactransition.fr\\\/wp-content\\\/uploads\\\/2020\\\/02\\\/cropped-milhac-transition-logo.png\",\"width\":380,\"height\":250,\"caption\":\"Milhac Transition\"},\"image\":{\"@id\":\"http:\\\/\\\/milhactransition.fr\\\/#\\\/schema\\\/logo\\\/image\\\/\"}}]}<\/script>\n<!-- \/ Yoast SEO plugin. -->","yoast_head_json":{"title":"Public Inquiry: Petit Bos Windfarm Project - Milhac Transition","robots":{"index":"index","follow":"follow","max-snippet":"max-snippet:-1","max-image-preview":"max-image-preview:large","max-video-preview":"max-video-preview:-1"},"canonical":"http:\/\/milhactransition.fr\/en\/public-inquiry\/","og_locale":"en_US","og_type":"article","og_title":"Public Inquiry: Petit Bos Windfarm Project - Milhac Transition","og_description":"We have made a translation of this page available to our non-francophone friends because we know that you share our love of this area, and we want to make sure you are aware of what is happening &#8211; and what you can do about it. At Milhac Transition, nous parlons fran\u00e7ais, we speak english and &hellip; Continue reading \"Public Inquiry: Petit Bos Windfarm Project\"","og_url":"http:\/\/milhactransition.fr\/en\/public-inquiry\/","og_site_name":"Milhac Transition","article_modified_time":"2020-11-07T15:54:13+00:00","og_image":[{"url":"http:\/\/milhactransition.fr\/wp-content\/uploads\/2020\/10\/enquete-affiche-e1603291248340-888x1024.jpg","type":"","width":"","height":""}],"twitter_card":"summary_large_image","twitter_misc":{"Est. reading time":"5 minutes"},"schema":{"@context":"https:\/\/schema.org","@graph":[{"@type":"WebPage","@id":"http:\/\/milhactransition.fr\/en\/public-inquiry\/","url":"http:\/\/milhactransition.fr\/en\/public-inquiry\/","name":"Public Inquiry: Petit Bos Windfarm Project - Milhac Transition","isPartOf":{"@id":"http:\/\/milhactransition.fr\/#website"},"primaryImageOfPage":{"@id":"http:\/\/milhactransition.fr\/en\/public-inquiry\/#primaryimage"},"image":{"@id":"http:\/\/milhactransition.fr\/en\/public-inquiry\/#primaryimage"},"thumbnailUrl":"http:\/\/milhactransition.fr\/wp-content\/uploads\/2020\/10\/enquete-affiche-e1603291248340-888x1024.jpg","datePublished":"2020-10-20T13:14:34+00:00","dateModified":"2020-11-07T15:54:13+00:00","breadcrumb":{"@id":"http:\/\/milhactransition.fr\/en\/public-inquiry\/#breadcrumb"},"inLanguage":"en-US","potentialAction":[{"@type":"ReadAction","target":["http:\/\/milhactransition.fr\/en\/public-inquiry\/"]}]},{"@type":"ImageObject","inLanguage":"en-US","@id":"http:\/\/milhactransition.fr\/en\/public-inquiry\/#primaryimage","url":"http:\/\/milhactransition.fr\/wp-content\/uploads\/2020\/10\/enquete-affiche-e1603291248340-888x1024.jpg","contentUrl":"http:\/\/milhactransition.fr\/wp-content\/uploads\/2020\/10\/enquete-affiche-e1603291248340-888x1024.jpg"},{"@type":"BreadcrumbList","@id":"http:\/\/milhactransition.fr\/en\/public-inquiry\/#breadcrumb","itemListElement":[{"@type":"ListItem","position":1,"name":"Accueil","item":"http:\/\/milhactransition.fr\/"},{"@type":"ListItem","position":2,"name":"Public Inquiry: Petit Bos Windfarm Project"}]},{"@type":"WebSite","@id":"http:\/\/milhactransition.fr\/#website","url":"http:\/\/milhactransition.fr\/","name":"Milhac Transition","description":"Pour une transition \u00e9cologique qui respecte la biodiversit\u00e9 et les habitants","publisher":{"@id":"http:\/\/milhactransition.fr\/#organization"},"potentialAction":[{"@type":"SearchAction","target":{"@type":"EntryPoint","urlTemplate":"http:\/\/milhactransition.fr\/?s={search_term_string}"},"query-input":{"@type":"PropertyValueSpecification","valueRequired":true,"valueName":"search_term_string"}}],"inLanguage":"en-US"},{"@type":"Organization","@id":"http:\/\/milhactransition.fr\/#organization","name":"Milhac Transition","url":"http:\/\/milhactransition.fr\/","logo":{"@type":"ImageObject","inLanguage":"en-US","@id":"http:\/\/milhactransition.fr\/#\/schema\/logo\/image\/","url":"http:\/\/milhactransition.fr\/wp-content\/uploads\/2020\/02\/cropped-milhac-transition-logo.png","contentUrl":"http:\/\/milhactransition.fr\/wp-content\/uploads\/2020\/02\/cropped-milhac-transition-logo.png","width":380,"height":250,"caption":"Milhac Transition"},"image":{"@id":"http:\/\/milhactransition.fr\/#\/schema\/logo\/image\/"}}]}},"uagb_featured_image_src":{"full":false,"thumbnail":false,"medium":false,"medium_large":false,"large":false,"1536x1536":false,"2048x2048":false,"twentyseventeen-featured-image":false,"twentyseventeen-thumbnail-avatar":false},"uagb_author_info":{"display_name":"backoff","author_link":"http:\/\/milhactransition.fr\/en\/author\/backoff\/"},"uagb_comment_info":0,"uagb_excerpt":"We have made a translation of this page available to our non-francophone friends because we know that you share our love of this area, and we want to make sure you are aware of what is happening &#8211; and what you can do about it. At Milhac Transition, nous parlons fran\u00e7ais, we speak english and&hellip;","_links":{"self":[{"href":"http:\/\/milhactransition.fr\/en\/wp-json\/wp\/v2\/pages\/285","targetHints":{"allow":["GET"]}}],"collection":[{"href":"http:\/\/milhactransition.fr\/en\/wp-json\/wp\/v2\/pages"}],"about":[{"href":"http:\/\/milhactransition.fr\/en\/wp-json\/wp\/v2\/types\/page"}],"author":[{"embeddable":true,"href":"http:\/\/milhactransition.fr\/en\/wp-json\/wp\/v2\/users\/1"}],"replies":[{"embeddable":true,"href":"http:\/\/milhactransition.fr\/en\/wp-json\/wp\/v2\/comments?post=285"}],"version-history":[{"count":19,"href":"http:\/\/milhactransition.fr\/en\/wp-json\/wp\/v2\/pages\/285\/revisions"}],"predecessor-version":[{"id":383,"href":"http:\/\/milhactransition.fr\/en\/wp-json\/wp\/v2\/pages\/285\/revisions\/383"}],"wp:attachment":[{"href":"http:\/\/milhactransition.fr\/en\/wp-json\/wp\/v2\/media?parent=285"}],"curies":[{"name":"wp","href":"https:\/\/api.w.org\/{rel}","templated":true}]}}